{"id":17,"date":"2016-11-13T21:46:41","date_gmt":"2016-11-13T20:46:41","guid":{"rendered":"http:\/\/direktorenvereinigung-sachsen.de\/?page_id=17"},"modified":"2026-01-27T08:17:59","modified_gmt":"2026-01-27T07:17:59","slug":"termine","status":"publish","type":"page","link":"http:\/\/direktorenvereinigung-sachsen.de\/?page_id=17","title":{"rendered":"Termine"},"content":{"rendered":"\n<div class=\"wp-block-columns\">\n<div class=\"wp-block-column\" style=\"flex-basis:100%\">\n<div class=\"wp-block-group\"><div class=\"wp-block-group__inner-container\">\n<div class=\"wp-block-columns\">\n<div class=\"wp-block-column\" style=\"flex-basis:100%\">\n<figure class=\"wp-block-table wp-table\"><table><tbody><tr><td width=\"30%\">Datum<\/td><td width=\"70%\">Beschreibung<\/td><\/tr>\n<tr><td>03.03.2026<\/td><td>Treffen mit Vertretern des SLV, PVS<br>(VGS: Frau Palluch, Herr Dr. Xylander)<\/td><\/tr>\n<tr><td>21.01.2026<\/td><td>Fachtag des SMK und LaSuB \"Medienp\u00e4dagogik gestalten. Kompetenzen st\u00e4rken\"<br>(VGS: Herr Berndt, Frau Dr. Conrad, Herr Dr. Xylander)<\/td><\/tr>\n<tr><td>02.02.2026<\/td><td>Vorstandssitzung (online)<br>(VGS: Vorstand)<\/td><\/tr>\n<tr><td>11.12.2025<\/td><td>Landesdirektorentag in Nossen<br>(VGS: alle Mitglieder)<\/td><\/tr>\n<tr><td>04.12.2025<\/td><td>Vorstandssitzung (online)<br>(VGS: Vorstand)<\/td><\/tr>\n<tr><td>27.10.2025<\/td><td>Vorstandssitzung (online)<br>(VGS: Vorstand)<\/td><\/tr>\n<tr><td>25.09.-26.09.2025<\/td><td>Bundesdirektorenkonferenz in Fulda<br>(VGS: Frau Palluch)<\/td><\/tr>\n<tr><td>08.09.2025<\/td><td>online-Beratung Schulsozialarbeit (LAG Schulsozialarbeit in Sachsen e.V.)<br>(VGS: Herr Pezold)<\/td><\/tr>\n<tr><td>02.09.2025<\/td><td>Treffen mit Vertretern des SLV, PVS<br>(VGS: Frau Palluch, Herr Dr. Xylander)<\/td><\/tr><tr><td>18.08.2025<\/td><td>Vorstandssitzung (online)<br>(VGS: Vorstand)<\/td><\/tr>\n<tr><td>02.07.2025<\/td><td>Gespr\u00e4ch SMK mit Schulleitungsverb\u00e4nden <br>(VGS: Frau Palluch, Herr Dr. Xylander)<\/td><\/tr><tr><td>02.06.2025<\/td><td>Gespr\u00e4ch mit dem Pr\u00e4sidenten des Landesamtes f\u00fcr Schule und Bildung, Herrn Patrick Schreiber<br>(VGS: Frau Palluch, Herr Dr. Xylander)<\/td><\/tr>\n<tr><td>26.05.2025<\/td><td>Vorstandssitzung (online)<br>(VGS: Vorstand)<\/td><\/tr>\n<tr><td>22.05.2025<\/td><td>Abschlussgespr\u00e4ch im S\u00e4chsischen Landtag zum Thema Ma\u00dfnahmenpaket des SMK<br>(VGS: Herr Dr. Xylander)<\/td><\/tr>\n<tr><td>16.05.2025<\/td><td>online-Beratung Schulsozialarbeit (LAG Schulsozialarbeit in Sachsen e.V.)<br>(VGS: Herr Dr. Xylander)<\/td><\/tr>\n<tr><td>12.05.2025<\/td><td>online-Konferenz SMK mit Schulleitungsverb\u00e4nden zum Thema Bildungsland 2030<br>(VGS: Frau Palluch, Herr Dr. Xylander)<\/td><\/tr>\n<tr><td>30.04.2025<\/td><td>online-Konferenz mit Herrn Staatsminister Conrad Clemens zum Thema Ma\u00dfnahmenpaket des SMK<br>(VGS: alle Mitglieder)<\/td><\/tr>\n<tr><td>02.04.2025<\/td><td>online-Beratung Schulsozialarbeit (LAG Schulsozialarbeit in Sachsen e.V.)<br>(VGS: Herr Dr. Xylander)<\/td><\/tr>\n<tr><td>27.03.-28.03.2025<\/td><td>Bundesdirektorenkonferenz in Schwerin<br>(VGS: Frau Palluch)<\/td><\/tr>\n<tr><td>24.03.2025<\/td><td>Vorstandssitzung (online)<br>(VGS: Vorstand)<\/td><\/tr>\n<tr><td>14.03.2025<\/td><td>Verbandstagung des S\u00e4chsischen Schulleitungsverbandes (OS, GS)<br>(VGS: Herr Pezold, Herr Dr. Xylander)<\/td><\/tr>\n<tr><td>04.03.2025<\/td><td>Treffen mit Vertretern des SLV, PVS<br>(VGS: Frau Palluch, Herr Dr. Xylander)<\/td><\/tr>\n<tr><td>17.02.2025<\/td><td>Gespr\u00e4ch mit Staatsminister f\u00fcr Kultus, Herrn Conrad Clemens<br>(VGS: Frau Palluch, Herr Dr. Xylander)<\/td><\/tr>\n<tr><td>10.02.2025<\/td><td>Round Table Schulsozialarbeit (LAG Schulsozialarbeit in Sachsen e.V.)<br>(VGS: Herr Dr. Xylander)<\/td><\/tr>\n<tr><td>27.01.2025<\/td><td>Vorstandssitzung (online)<br>(VGS: Vorstand)<\/td><\/tr>\n<tr><td>25.11.2024<\/td><td>AG Weiterentwicklung gymnasiale Oberstufe (SMK)<br>(VGS: Frau Frigge, Herr Dr. Xylander)<\/td><\/tr>\n<tr><td>14.11.2024<\/td><td>Landesdirektorentag in Leipzig<br>(VGS: alle Mitglieder)<\/td><\/tr>\n<tr><td>11.11.2024<\/td><td>Vorstandssitzung (online)<br>(VGS: Vorstand)<\/td><\/tr>\n<tr><td>04.11.2024<\/td><td>Beratung zum schulscharfen Einstellungsverfahren mit Herrn Schr\u00f6der, Referent LaSuB<br>(VGS: Frau Palluch, Herr Pezold)<\/td><\/tr>\n<tr><td>24.09.2024<\/td><td>Vorstandssitzung (online)<br>(VGS: Vorstand)<\/td><\/tr>\n<tr><td>26.09.-27.09.2024<\/td><td>Bundesdirektorenkonferenz in Fulda<br>(VGS: Frau Palluch)<\/td><\/tr>\n<tr><td>05.09.2024<\/td><td>Treffen mit Vertretern des SLV, PVS<br>(VGS: Frau Palluch, Herr Dr. Xylander)<\/td><\/tr>\n<tr><td>28.08.2024<\/td><td>Vorstandssitzung (online)<br>(VGS: Vorstand)<\/td><\/tr>\n<tr><td>27.08.2024<\/td><td>online-Konferenz mit Frau Staatsministerin Petra K\u00f6pping (Staatsministerium f\u00fcr Soziales und Gesellschaftlichen Zusammenhalt) zum Thema Schulsozialarbeit <br>(VGS: alle Mitglieder)<\/td><\/tr>\n<tr><td>26.06.2024<\/td><td>Vorstandstreffen (Verabschiedung Frau Fuchs<br>(VGS: Vorstand)<\/td><\/tr>\n<tr><td>21.06.2024<\/td><td>Gespr\u00e4ch mit dem Pr\u00e4sidenten des Landesamtes f\u00fcr Schule und Bildung, Herrn Ralf Berger<br>(VGS: Frau Palluch, Herr Dr. Xylander)<\/td><\/tr>\n<tr><td>14.06.2024<\/td><td>Gespr\u00e4ch SMK mit Schulleitungsverb\u00e4nden <br>(VGS: Herr Berndt, Herr Dr. Xylander)<\/td><\/tr>\n<tr><td>01.06.2024<\/td><td>S\u00e4chsischer Philologentag (PVS)<br>(VGS: Herr Dr. Xylander)<\/td><\/tr>\n<tr><td>27.05.2024<\/td><td>AG Weiterentwicklung gymnasiale Oberstufe (SMK)<br>(VGS: Frau Frigge, Herr Dr. Xylander)<\/td><\/tr>\n<tr><td>14.05.2024<\/td><td>Vorstandssitzung (online)<br>(VGS: Vorstand)<\/td><\/tr>\n<tr><td>18.03.2024<\/td><td>Vorstandssitzung (online)<br>(VGS: Vorstand)<\/td><\/tr>\n<tr><td>15.03.2024<\/td><td>Verbandstagung des S\u00e4chsischen Schulleitungsverbandes (OS, GS)<br>(VGS: Herr Dr. Jost, Herr Dr. Xylander)<\/td><\/tr>\n<tr><td>07.03.2024<\/td><td>Treffen mit Vertretern des SLV, PVS<br>(VGS: Frau Palluch, Herr Dr. Xylander)<\/td><\/tr><tr><td>07.03.2024<\/td><td>AG Weiterentwicklung gymnasiale Oberstufe (SMK)<br>(VGS: Frau Frigge, Herr Dr. Xylander)<\/td><\/tr><tr><td>28.02.-01.03.2024<\/td><td>Bundesdirektorenkonferenz in Saarbr\u00fccken<br>(VGS: Frau Palluch)<\/td><\/tr>\n<tr><td>15.01.2024<\/td><td>Vorstandssitzung (online)<br>(VGS: Vorstand)<\/td><\/tr>\n<tr><td>05.01.2024<\/td><td>Gespr\u00e4ch mit dem Staatsminister f\u00fcr Kultus, Herrn Christian Piwarz<br>(VGS: Frau Palluch, Herr Dr. Xylander)<\/td><\/tr>\n<tr><td>16.11.2023<\/td><td>Landesdirektorentag in Nossen<br>(VGS: alle Mitglieder)<\/td><\/tr>\n<tr><td>10.11.2023<\/td><td>Gespr\u00e4ch mit dem Pr\u00e4sidenten des Landesamtes f\u00fcr Schule und Bildung, Herrn Ralf Berger<br>(VGS: Frau Palluch, Herr Dr. Xylander)<\/td><\/tr>\n<tr><td>06.11.2023<\/td><td>AG Weiterentwicklung gymnasiale Oberstufe (SMK)<br>(VGS: Frau Frigge, Herr Dr. Xylander)<\/td><\/tr>\n<tr><td>23.10.2023<\/td><td>Vorstandssitzung (online)<br>(VGS: Vorstand)<\/td><\/tr>\n<tr><td>27.09.-29.09.2023<\/td><td>Bundesdirektorenkonferenz in Fulda<br>(VGS: Frau Palluch, Herr Dr. Xylander)<\/td><\/tr><tr><td>25.09.2023<\/td><td>Sitzung AG Weiterentwicklung gymnasiale Oberstufe (SMK)<br>(VGS: Frau Frigge, Herr Dr. Xylander)<\/td><\/tr>\n<tr><td>07.09.2023<\/td><td>Treffen mit Vertretern des SLV, PVS<br>(VGS: Frau Palluch, Herr Dr. Xylander)<\/td><\/tr>\n<tr><td>28.08.2023<\/td><td>Vorstandssitzung (online)<br>(VGS: Vorstand)<\/td><\/tr><tr><td>10.07.2023<\/td><td>Gespr\u00e4ch SMK mit Schulleitungsverb\u00e4nden <br>(VGS: Herr Dr. Xylander)<\/td><\/tr><tr><td>22.05.2023<\/td><td>Vorstandssitzung (online)<br>(VGS: Vorstand)<\/td><\/tr><tr><td>29.03.2022<\/td><td>Treffen mit Vertretern des AK Bildung der CDU-Landtagsfraktion<br>(VGS: Frau Fuchs, Herr Dr. Xylander)<\/td><\/tr>\n<tr><td>27.03.2023<\/td><td>Vorstandssitzung (online)<br>(VGS: Vorstand)<\/td><\/tr>\n<tr><td>27.03.2023<\/td><td>Verbandstagung des S\u00e4chsischen Schulleitungsverbandes (OS, GS)<br>(VGS: Frau Fuchs, Herr Dr. Xylander)<\/td><\/tr>\n<tr><td>09.03.2023<\/td><td>Treffen mit Vertretern des SLV, PVS<br>(VGS: Frau Palluch, Herr Dr. Xylander)<\/td><\/tr>\n<tr><td>01.03.-03.03.2023<\/td><td>Bundesdirektorenkonferenz in Berlin mit Festveranstaltung zum 50-j\u00e4hrigen Bestehen der BDK<br>(VGS: Frau Palluch, Herr Dr. Xylander)<\/td><\/tr><tr><td>09.02.2023<\/td><td>Treffen mit Vertretern des S\u00e4chsischen Schulleitungsverbandes und des Verbandes der Leiter der beruflichen Schulen in Sachsen\"<br>(VGS: Frau Palluch, Herr Dr. Jost, Herr Dr. Xylander)<\/td><\/tr>\n<tr><td>26.01.2023<\/td><td>Gespr\u00e4ch mit dem Pr\u00e4sidenten des Landesamtes f\u00fcr Schule und Bildung, Herrn Ralf Berger<br>(VGS: Frau Palluch, Herr Dr. Xylander)<\/td><\/tr>\n<tr><td>17.01.2023<\/td><td>Vorstandssitzung (online)<br>(VGS: Vorstand)<\/td><\/tr>\n<tr><td>13.01.2023<\/td><td>Gespr\u00e4ch SMK mit Schulleitungsverb\u00e4nden <br>(VGS: Herr Dr. Jost, Herr Dr. Xylander)<\/td><\/tr>\n<tr><td>10.01.2023<\/td><td>Gespr\u00e4ch mit dem Staatsminister f\u00fcr Kultus, Herrn Christian Piwarz<br>(VGS: Frau Palluch, Herr Dr. Xylander)<\/td><\/tr>\n<tr><td>01.12.2022<\/td><td>Beitrag des MDR Sachsenspiegels zum Poitionspapier \"Schulsozialarbeit an allen Gymnasien im Freistaat Sachsen\"<\/td><\/tr>\n<tr><td>15.11.2022<\/td><td>Vorstandssitzung (online)<br>(VGS: Vorstand)<\/td><\/tr>\n<tr><td>09.11.2022<\/td><td>Treffen mit Vertretern des S\u00e4chsischen Schulleitungsverbandes und des Verbandes der Leiter der beruflichen Schulen in Sachsen\"<br>(VGS: Herr Dr. Jost, Herr Dr. Xylander)<\/td><\/tr>\n<tr><td>28.09.2022<\/td><td>Landesdirektorenkonferenz in Kamenz<br>(VGS: alle Mitglieder)<\/td><\/tr>\n<tr><td>21.09.2022<\/td><td>Treffen mit Vertretern des SLV, PVS<br>(VGS: Frau Palluch, Herr Dr. Xylander)<\/td><\/tr>\n<tr><td>05.09.2022<\/td><td>Vorstandssitzung (online)<br>(VGS: Vorstand)<\/td><\/tr>\n<tr><td>27.06.2022<\/td><td>2. Schulleiterrunde SMK zum Thema \u201eBeschulung ukrainischer Kinder\u201c (online)<br>(VGS: Herr Asper, Herr Dr. Xylander)<\/td><\/tr>\n<tr><td>24.06.2022<\/td><td>Festveranstaltung anl\u00e4sslich des 30-j\u00e4hrigen Bestehens des Landeselternrates in Sachsen<br>(VGS: Herr Dr. Xylander)<\/td><\/tr>\n<tr><td>20.06.2022<\/td><td>Vorstandssitzung (online)<br>(VGS: Vorstand)<\/td><\/tr>\n<tr><td>07.06.2022<\/td><td>Dialoggespr\u00e4ch \"Neue Struktur LaSuB\" im SMK mit Schulleitungsverb\u00e4nden<br>(VGS: Herr Dr. Xylander)<\/td><\/tr>\n<tr><td>30.05.2022<\/td><td>Gespr\u00e4ch mit der bildungspolitischen Sprecherin der SPD-Landtagsfraktion, Frau Friedel<br>(VGS: Frau Palluch, Herr Dr. Xylander)<\/td><\/tr>\n<tr><td>20.05.2022<\/td><td>Anh\u00f6rung im S\u00e4chsischen Landtag zum Thema \u201eSchulchorarbeit an Schulen\u201c<br>(VGS: Herr Dr. Xylander)<\/td><\/tr>\n<tr><td>04.05.2022<\/td><td>Gespr\u00e4ch SMK mit Schulleitungsverb\u00e4nden zur Thematik \"Assistenzen und Unterst\u00fctzungssysteme\"<br>(VGS: Herr Dr. Jost, Herr Dr. Xylander)<\/td><\/tr>\n<tr><td>28.04.2022<\/td><td>Schulleiterrunde SMK zum Thema \u201eBeschulung ukrainischer Kinder\u201c (online)<br>(VGS: Frau Palluch)<\/td><\/tr>\n<tr><td>25.04.2022<\/td><td>Vorstandssitzung (online)<br>(VGS: Vorstand)<\/td><\/tr>\n<tr><td>09.04.2022<\/td><td>S\u00e4chsischer Philologentag (PVS)<br>(VGS: Herr Dr. Xylander)<\/td><\/tr>\n<tr><td>23.03.2022<\/td><td>Treffen mit Vertretern des AK Bildung der CDU-Landtagsfraktion<br>(VGS: Herr Rafelt, Herr Dr. Xylander)<\/td><\/tr>\n<tr><td>22.03.2022<\/td><td>Treffen mit Vertretern des SLV, PVS<br>(VGS: Frau Palluch, Herr Dr. Xylander)<\/td><\/tr>\n<tr><td>16.03.2022<\/td><td>Gespr\u00e4ch mit dem Staatsminister f\u00fcr Kultus, Herrn Christian Piwarz<br>(VGS: Frau Palluch, Frau Zimmer, Herr Dr. Xylander)<\/td><\/tr>\n<tr><td>14.03.2022<\/td><td>\u201eDigitaler Stammtisch\u201c: Mitgliedertreffen zur Thematik Personalsituation, Einstellungsverfahren, Personalgewinnung<br>(VGS: alle Mitglieder)<\/td><\/tr>\n<tr><td>28.02.2022<\/td><td>Vorstandssitzung (online)<br>(VGS: Vorstand)<\/td><\/tr>\n<tr><td>17.01.2022<\/td><td>Vorstandssitzung (online)<br>(VGS: Vorstand)<\/td><\/tr>\n<tr><td>29.11.2021<\/td><td>Vorstandssitzung (online)<br>(VGS: Vorstand)<\/td><\/tr>\n<tr><td>25.11.2021<\/td><td>Dialoggespr\u00e4ch \"Neue Struktur LaSuB\" im SMK <br>(VGS: Frau Palluch, Herr Dr. Xylander)<\/td><\/tr>\n<tr><td>19.11.2021<\/td><td>Gespr\u00e4ch mit dem Pr\u00e4sidenten des Landesamtes f\u00fcr Schule und Bildung, Herrn Ralf Berger<br>(VGS: Frau Palluch, Herr Dr. Xylander)<\/td><\/tr>\n<tr><td>15.11.2021<\/td><td>Online-Treffen Schulleitungsberatungsgruppe mit SMK (RL 42, Herr Dr. Heinrich)\n<br>(VGS: Frau Palluch, Herr Dr. Xylander)<\/td><\/tr>\n<tr><td>28.09.2021<\/td><td>\u201eDigitaler Stammtisch\u201c: Mitgliedertreffen zur Thematik Schuljahresstart<br>(VGS: alle Mitglieder)<\/td><\/tr>\n<tr><td>27.09.2021<\/td><td>Treffen Schulleitungsberatungsgruppe mit SMK (RL 42, Herr Dr. Heinrich)<br>(VGS: Frau Palluch, Herr Dr. Xylander)<\/td><\/tr>\n<tr><td>22.09.-24.09.2021<\/td><td>Bundesdirektorenkonferenz in Fulda<br>(VGS: Herr Asper, Herr Dr. Xylander)<\/td><\/tr><tr><td>21.09.2021<\/td><td>Treffen mit Vertretern des SLV, PVS<br>(VGS: Frau Palluch, Herr Dr. Xylander)<\/td><\/tr><tr><td>15.09.2021<\/td><td>Vorstandssitzung (online)<br>(VGS: Vorstand)<\/td><\/tr><tr><td>09.09.2021<\/td><td>Gespr\u00e4ch des Staatsministers mit Schulleitungsverb\u00e4nden und Lehrerverb\u00e4nden zur Thematik \"Erfahrungen aus der Pandemie\"<br>(VGS: Herr Dr. Xylander)<\/td><\/tr>\n<tr><td>21.07.2021<\/td><td>Videokonferenz SMK zum Aktionsprogramm \u201eAufholen nach Corona\u201c<br>(VGS: Herr Reichel, Herr Dr. Xylander)<\/td><\/tr>\n<tr><td>16.07.2021<\/td><td>Gespr\u00e4ch mit dem Pr\u00e4sidenten des Landesamtes f\u00fcr Schule und Bildung, Herrn Ralf Berger<br>(VGS: Frau Palluch, Herr Dr. Xylander)<\/td><\/tr>\n<tr><td>10.07.2021<\/td><td>Festveranstaltung anl\u00e4sslich des 30-j\u00e4hrigen Bestehens des Philiologenverbandes Sachsen (PVS)<br>(VGS: Herr Dr. Xylander)<\/td><\/tr>\n<tr><td>07.07.2021<\/td><td>Gespr\u00e4ch mit dem Staatsminister f\u00fcr Kultus, Herrn Christian Piwarz<br>(VGS: Frau Palluch, Herr Dr. Xylander)<\/td><\/tr><tr><td>01.07.2021<\/td><td>Vorstandssitzung in Nossen<br>(VGS: Vorstand)<\/td><\/tr><tr><td>10.06.2021<\/td><td>Mitgliederversammlung und Wahl des Vorstandes (online)<br>(VGS: alle Mitglieder)<\/td><\/tr><\/tbody><\/table><\/figure>\n<\/div>\n<\/div>\n<\/div><\/div>\n<\/div>\n<\/div>\n","protected":false},"excerpt":{"rendered":"<p>Datum Beschreibung 03.03.2026 Treffen mit Vertretern des SLV, PVS(VGS: Frau Palluch, Herr Dr. Xylander) 21.01.2026 Fachtag des SMK und LaSuB \"Medienp\u00e4dagogik gestalten. Kompetenzen st\u00e4rken\"(VGS: Herr Berndt, Frau Dr. Conrad, Herr Dr. Xylander) 02.02.2026 Vorstandssitzung (online)(VGS: Vorstand) 11.12.2025 Landesdirektorentag in Nossen(VGS: alle Mitglieder) 04.12.2025 Vorstandssitzung (online)(VGS: Vorstand) 27.10.2025 Vorstandssitzung (online)(VGS: Vorstand) 25.09.-26.09.2025 Bundesdirektorenkonferenz in Fulda(VGS: Frau <a href=\"http:\/\/direktorenvereinigung-sachsen.de\/?page_id=17\" class=\"more-link\">...weiterlesen<span class=\"screen-reader-text\"> \"Termine\"<\/span><\/a><\/p>\n","protected":false},"author":2,"featured_media":0,"parent":0,"menu_order":0,"comment_status":"closed","ping_status":"closed","template":"","meta":[],"_links":{"self":[{"href":"http:\/\/direktorenvereinigung-sachsen.de\/index.php?rest_route=\/wp\/v2\/pages\/17"}],"collection":[{"href":"http:\/\/direktorenvereinigung-sachsen.de\/index.php?rest_route=\/wp\/v2\/pages"}],"about":[{"href":"http:\/\/direktorenvereinigung-sachsen.de\/index.php?rest_route=\/wp\/v2\/types\/page"}],"author":[{"embeddable":true,"href":"http:\/\/direktorenvereinigung-sachsen.de\/index.php?rest_route=\/wp\/v2\/users\/2"}],"replies":[{"embeddable":true,"href":"http:\/\/direktorenvereinigung-sachsen.de\/index.php?rest_route=%2Fwp%2Fv2%2Fcomments&post=17"}],"version-history":[{"count":67,"href":"http:\/\/direktorenvereinigung-sachsen.de\/index.php?rest_route=\/wp\/v2\/pages\/17\/revisions"}],"predecessor-version":[{"id":768,"href":"http:\/\/direktorenvereinigung-sachsen.de\/index.php?rest_route=\/wp\/v2\/pages\/17\/revisions\/768"}],"wp:attachment":[{"href":"http:\/\/direktorenvereinigung-sachsen.de\/index.php?rest_route=%2Fwp%2Fv2%2Fmedia&parent=17"}],"curies":[{"name":"wp","href":"https:\/\/api.w.org\/{rel}","templated":true}]}}